{"id":89029,"date":"2026-04-12T17:15:03","date_gmt":"2026-04-12T15:15:03","guid":{"rendered":"https:\/\/immolaescapada.com\/property\/chg-vd1134\/"},"modified":"2026-04-28T08:58:21","modified_gmt":"2026-04-28T06:58:21","slug":"chg-vd1134","status":"publish","type":"property","link":"https:\/\/immolaescapada.com\/fr\/propri\u00e9t\u00e9-fr\/chg-vd1134\/","title":{"rendered":"Calpe"},"content":{"rendered":"<p>D\u00e9couvrez cette magnifique villa moderne \u00e0 Calpe, enti\u00e8rement r\u00e9nov\u00e9e et situ\u00e9e sur un terrain g\u00e9n\u00e9reux de 1 400 m\u00b2. Une propri\u00e9t\u00e9 o\u00f9 le luxe contemporain se m\u00eale harmonieusement \u00e0 la douceur de vivre m\u00e9diterran\u00e9enne. <\/p>\n<p>\u00c0 votre arriv\u00e9e, vous acc\u00e9dez \u00e0 la propri\u00e9t\u00e9 par deux portails \u00e9lectriques menant au jardin spacieux et \u00e0 l\u2019entr\u00e9e principale. \u00c0 l\u2019int\u00e9rieur, un vaste hall vitr\u00e9 baign\u00e9 de lumi\u00e8re vous accueille et offre imm\u00e9diatement de superbes vues sur la mer. <\/p>\n<p>La villa propose des espaces int\u00e9rieurs lumineux et g\u00e9n\u00e9reux. Au rez-de-chauss\u00e9e, vous trouverez une cuisine design, un \u00e9l\u00e9gant espace de vie ouvert et une grande terrasse de 120 m\u00b2 avec acc\u00e8s direct au jardin paysager et \u00e0 la piscine chauff\u00e9e. Ce niveau comprend \u00e9galement deux chambres avec salles de bain en suite, garantissant confort et intimit\u00e9.  <\/p>\n<p>Un bel escalier ouvert m\u00e8ne \u00e0 l\u2019\u00e9tage sup\u00e9rieur, o\u00f9 une pi\u00e8ce polyvalente offre de nombreuses possibilit\u00e9s. Vous y trouverez \u00e9galement deux autres chambres en suite avec douches \u00e0 l\u2019italienne. La suite parentale se distingue par sa spectaculaire terrasse priv\u00e9e de 112 m\u00b2 avec vue mer \u2014 un cadre id\u00e9al pour admirer des couchers de soleil inoubliables.  <\/p>\n<p>\u00c9quip\u00e9e des derni\u00e8res technologies, domotique, climatisation, chauffage, \u00e9clairage LED et syst\u00e8me de s\u00e9curit\u00e9 complet, cette villa assure un confort optimal toute l\u2019ann\u00e9e.<\/p>\n<p>Id\u00e9alement situ\u00e9e \u00e0 proximit\u00e9 des plages, restaurants et commodit\u00e9s, cette propri\u00e9t\u00e9 incarne parfaitement le style de vie m\u00e9diterran\u00e9en.<br \/>Une opportunit\u00e9 rare de vivre avec \u00e9l\u00e9gance sur la Costa Blanca.<\/p>\n","protected":false},"excerpt":{"rendered":"<p>D\u00e9couvrez cette magnifique villa moderne \u00e0 Calpe, enti\u00e8rement r\u00e9nov\u00e9e et situ\u00e9e sur un terrain g\u00e9n\u00e9reux de 1 400 m\u00b2. Une propri\u00e9t\u00e9 o\u00f9 le luxe contemporain se m\u00eale harmonieusement \u00e0 la douceur de vivre m\u00e9diterran\u00e9enne. <\/p>\n<p>\u00c0 votre arriv\u00e9e, vous acc\u00e9dez \u00e0 la propri\u00e9t\u00e9 par deux portails \u00e9lectriques menant au jardin spacieux et \u00e0 l\u2019entr\u00e9e principale. \u00c0 l\u2019int\u00e9rieur, un vaste hall vitr\u00e9 baign\u00e9 de lumi\u00e8re vous accueille et offre imm\u00e9diatement de superbes vues sur la mer. <\/p>\n<p>La villa propose des espaces int\u00e9rieurs lumineux et g\u00e9n\u00e9reux. Au rez-de-chauss\u00e9e, vous trouverez une cuisine design, un \u00e9l\u00e9gant espace de vie ouvert et une grande terrasse de 120 m\u00b2 avec acc\u00e8s direct au jardin paysager et \u00e0 la piscine chauff\u00e9e. Ce niveau comprend \u00e9galement deux chambres avec salles de bain en suite, garantissant confort et intimit\u00e9.  <\/p>\n<p>Un bel escalier ouvert m\u00e8ne \u00e0 l\u2019\u00e9tage sup\u00e9rieur, o\u00f9 une pi\u00e8ce polyvalente offre de nombreuses possibilit\u00e9s. Vous y trouverez \u00e9galement deux autres chambres en suite avec douches \u00e0 l\u2019italienne. La suite parentale se distingue par sa spectaculaire terrasse priv\u00e9e de 112 m\u00b2 avec vue mer \u2014 un cadre id\u00e9al pour admirer des couchers de soleil inoubliables.  <\/p>\n<p>\u00c9quip\u00e9e des derni\u00e8res technologies, domotique, climatisation, chauffage, \u00e9clairage LED et syst\u00e8me de s\u00e9curit\u00e9 complet, cette villa assure un confort optimal toute l\u2019ann\u00e9e.<\/p>\n<p>Id\u00e9alement situ\u00e9e \u00e0 proximit\u00e9 des plages, restaurants et commodit\u00e9s, cette propri\u00e9t\u00e9 incarne parfaitement le style de vie m\u00e9diterran\u00e9en.<br \/>Une opportunit\u00e9 rare de vivre avec \u00e9l\u00e9gance sur la Costa Blanca.<\/p>\n","protected":false},"author":0,"featured_media":89613,"parent":0,"menu_order":0,"template":"","property_type":[],"property_status":[778227121],"property_feature":[778227140,778227206,778227200,778227083,778227194,778227221,778227158,778227197,778226932,778226920,778227238,778227218,778227215,778227165,778227203],"property_label":[],"property_city":[],"class_list":["post-89029","property","type-property","status-publish","has-post-thumbnail","hentry","property_status-for-sale-fr","property_feature-air-conditioning-fr","property_feature-basement-fr","property_feature-double-glazing-fr","property_feature-electric-water-heating","property_feature-fitted-kitchen-fr","property_feature-fitted-wardrobes-fr","property_feature-garage-fr","property_feature-gas-central-heating-fr","property_feature-jardin","property_feature-stationnement","property_feature-partly-furnished-fr","property_feature-refurbished-fr","property_feature-store-room-fr","property_feature-terrace-fr","property_feature-sea-views-fr"],"aioseo_notices":[],"property_meta":{"has_images":["1"],"_last_translation_edit_mode":["translation-editor"],"fave_property_price":["999900"],"fave_property_size":["452"],"fave_property_bedrooms":["4"],"fave_property_bathrooms":["5"],"fave_property_id":["CHG-VD1134"],"fave_property_map":["1"],"fave_property_location":[",,14"],"houzez_geolocation_lat":[""],"houzez_geolocation_long":[""],"fave_property_address":[""],"fave_property_zip":["03710"],"fave_featured":["0"],"houzez_featured_listing_date":[""],"fave_property_images":["87900","87901","87902","87903","87904","87905","87906","87907","87908","87909","87910","87911","87912","89610","89611"],"fave_single_top_area":["global"],"fave_property_rooms":[""],"_top_nav_excluded":[""],"_cms_nav_minihome":[""],"_thumbnail_id":["89613"],"_wpml_word_count":["554"],"fave_property_size_prefix":["Sq M"],"fave_property_land":["1466"],"fave_property_land_postfix":["Sq M"],"fave_property_map_address":["Calpe, Alicante"],"fave_agent_display_option":["agence_info"],"fave_prop_homeslider":["non"],"houzez_total_property_views":["1"],"houzez_views_by_date":["a:1:{s:10:\"04-28-2026\";i:1;}"],"houzez_recently_viewed":["2026-04-28 14:06:01"],"_elementor_page_assets":["a:0:{}"]},"jetpack_likes_enabled":false,"jetpack_sharing_enabled":true,"_links":{"self":[{"href":"https:\/\/immolaescapada.com\/fr\/wp-json\/wp\/v2\/properties\/89029","targetHints":{"allow":["GET"]}}],"collection":[{"href":"https:\/\/immolaescapada.com\/fr\/wp-json\/wp\/v2\/properties"}],"about":[{"href":"https:\/\/immolaescapada.com\/fr\/wp-json\/wp\/v2\/types\/property"}],"version-history":[{"count":1,"href":"https:\/\/immolaescapada.com\/fr\/wp-json\/wp\/v2\/properties\/89029\/revisions"}],"predecessor-version":[{"id":89691,"href":"https:\/\/immolaescapada.com\/fr\/wp-json\/wp\/v2\/properties\/89029\/revisions\/89691"}],"wp:featuredmedia":[{"embeddable":true,"href":"https:\/\/immolaescapada.com\/fr\/wp-json\/wp\/v2\/media\/89613"}],"wp:attachment":[{"href":"https:\/\/immolaescapada.com\/fr\/wp-json\/wp\/v2\/media?parent=89029"}],"wp:term":[{"taxonomy":"property_type","embeddable":true,"href":"https:\/\/immolaescapada.com\/fr\/wp-json\/wp\/v2\/property_type?post=89029"},{"taxonomy":"property_status","embeddable":true,"href":"https:\/\/immolaescapada.com\/fr\/wp-json\/wp\/v2\/property_status?post=89029"},{"taxonomy":"property_feature","embeddable":true,"href":"https:\/\/immolaescapada.com\/fr\/wp-json\/wp\/v2\/property_feature?post=89029"},{"taxonomy":"property_label","embeddable":true,"href":"https:\/\/immolaescapada.com\/fr\/wp-json\/wp\/v2\/property_label?post=89029"},{"taxonomy":"property_city","embeddable":true,"href":"https:\/\/immolaescapada.com\/fr\/wp-json\/wp\/v2\/property_city?post=89029"}],"curies":[{"name":"wp","href":"https:\/\/api.w.org\/{rel}","templated":true}]}}