{"id":50265,"date":"2025-07-11T22:02:57","date_gmt":"2025-07-11T20:02:57","guid":{"rendered":"https:\/\/immolaescapada.com\/property\/chg-ld20\/"},"modified":"2026-05-02T22:03:01","modified_gmt":"2026-05-02T20:03:01","slug":"chg-ld20","status":"publish","type":"property","link":"https:\/\/immolaescapada.com\/es\/property-es\/chg-ld20\/","title":{"rendered":"Calpe"},"content":{"rendered":"<p>This commercial unit is ideally located in one of the most sought-after zones of Calpe, featuring spacious open terraces and direct access to one of the town\u2019s main avenues\u2014just 200 meters from Arenal-Bol Beach.<\/p>\n<p>The semi-basement level offers 413 m\u00b2 of space, including enclosed areas and terraces. It has direct access from Avenida de Europa. The location is unbeatable: approximately 100 m from supermarkets, 170 m from a camping car area, and surrounded by a wide range of restaurants and caf\u00e9s. There is also the possibility to install a smoke extraction system.<\/p>\n<p>South-facing, the property is just 200 m from Arenal-Bol Beach and its vibrant promenade full of restaurants and shops, and only 190 m from Hotel Suitop\u00eda and its bus stop.<\/p>\n<p>Avenida de Europa is known for its year-round tourist activity, making this property a fantastic business opportunity.[IW]<\/p>\n","protected":false},"excerpt":{"rendered":"<p>This commercial unit is ideally located in one of the most sought-after zones of Calpe, featuring spacious open terraces and direct access to one of the town\u2019s main avenues\u2014just 200 meters from Arenal-Bol Beach.<\/p>\n<p>The semi-basement level offers 413 m\u00b2 of space, including enclosed areas and terraces. It has direct access from Avenida de Europa. The location is unbeatable: approximately 100 m from supermarkets, 170 m from a camping car area, and surrounded by a wide range of restaurants and caf\u00e9s. There is also the possibility to install a smoke extraction system.<\/p>\n<p>South-facing, the property is just 200 m from Arenal-Bol Beach and its vibrant promenade full of restaurants and shops, and only 190 m from Hotel Suitop\u00eda and its bus stop.<\/p>\n<p>Avenida de Europa is known for its year-round tourist activity, making this property a fantastic business opportunity.[IW]<\/p>\n","protected":false},"author":230987969,"featured_media":50266,"parent":0,"menu_order":0,"template":"","property_type":[],"property_status":[778226683],"property_feature":[778226818,778226834],"property_label":[],"property_city":[778226690],"class_list":["post-50265","property","type-property","status-publish","has-post-thumbnail","hentry","property_status-for-sale","property_feature-garden","property_feature-terrace","property_city-calpe"],"aioseo_notices":[],"property_meta":{"_imported_ref_1746806115":["19498705"],"_property_import_data":["<property><id>19498705<\/id><date>2025-07-04 01:40:32<\/date><ref>LD20<\/ref><price>201733<\/price><currency>EUR<\/currency><price_freq>sale<\/price_freq><part_ownership>0<\/part_ownership><leasehold>0<\/leasehold><new_build>0<\/new_build><type>commercial property<\/type><location_id>1073<\/location_id><town>Calpe<\/town><postcode>03710<\/postcode><province>Alicante<\/province><location\/><location_detail\/><beds>0<\/beds><baths>0<\/baths><surface_area><built>413<\/built><plot>0<\/plot><\/surface_area><energy_rating><consumption>X<\/consumption><emissions>X<\/emissions><\/energy_rating><url>X<\/url><desc><ca>Jard\u00ed, Terrassa<\/ca><da>Garden, Terrasse<\/da><de>Diese Gewerbeeinheit befindet sich in einer der begehrtesten Gegenden von Calpe, mit gro\u00dfz\u00fcgigen offenen Terrassen und Zugang zu einer der wichtigsten Hauptstra\u00dfen der Stadt \u2013 nur 200 Meter vom Strand Arenal-Bol entfernt.\n\nDas Halbkellergeschoss bietet eine Fl\u00e4che von 413 m\u00b2 und umfasst sowohl geschlossene Bereiche als auch Terrassen. Der Zugang erfolgt \u00fcber die Avenida de Europa. Die Lage ist ideal: ca. 100 m zu Superm\u00e4rkten, 170 m zu einem Wohnmobilstellplatz und umgeben von zahlreichen Restaurants und Caf\u00e9s. Ein Rauchabzugssystem kann ebenfalls installiert werden.\n\nMit S\u00fcdausrichtung liegt das Objekt nur 200 m vom Strand Arenal-Bol und seiner lebhaften Promenade mit vielen Gesch\u00e4ften und Restaurants entfernt. Auch das Hotel Suitop\u00eda mit Bushaltestelle befindet sich nur 190 m entfernt.\n\nDie Avenida de Europa ist ganzj\u00e4hrig stark frequentiert von Touristen \u2013 eine hervorragende Gesch\u00e4ftsm\u00f6glichkeit.[IW]<\/de><en>This commercial unit is ideally located in one of the most sought-after zones of Calpe, featuring spacious open terraces and direct access to one of the town\u2019s main avenues\u2014just 200 meters from Arenal-Bol Beach.\n\nThe semi-basement level offers 413 m\u00b2 of space, including enclosed areas and terraces. It has direct access from Avenida de Europa. The location is unbeatable: approximately 100 m from supermarkets, 170 m from a camping car area, and surrounded by a wide range of restaurants and caf\u00e9s. There is also the possibility to install a smoke extraction system.\n\nSouth-facing, the property is just 200 m from Arenal-Bol Beach and its vibrant promenade full of restaurants and shops, and only 190 m from Hotel Suitop\u00eda and its bus stop.\n\nAvenida de Europa is known for its year-round tourist activity, making this property a fantastic business opportunity.[IW]<\/en><es>Local comercial situado en una de las mejores zonas de Calpe, con estupendas terrazas abiertas y salida a una importante avenida de Calpe, a tan solo 200 m de la playa Arenal-Bol.\n\nLa planta semis\u00f3tano de 413 m2 que comprende zonas cerradas y terrazas. Tiene acceso por la Avenida de Europa. La ubicaci\u00f3n es inmejorable: a 100 m aprox. De los supermercados, a 170 m de un camping car y rodeado por una gran variedad de restaurantes y cafeter\u00edas. Cuenta, adem\u00e1s, con posibilidad de salida de humos. \n\nOrientado al sur, se sit\u00faa a tan solo 200 m de la playa de Arenal Bol y su paseo mar\u00edtimo con una amplia variedad de restaurantes y tiendas y a tan solo 190 metros del Hotel Suitop\u00eda y de su parada de autobuses.\n\nLa Avenida de Europa es conocida por ser una zona de gran afluencia tur\u00edstica todo el a\u00f1o, por lo que constituye una fant\u00e1stica oportunidad de negocio.[IW]<\/es><fi>puutarha, terassi<\/fi><fr>Ce local commercial est situ\u00e9 dans un quartier tr\u00e8s pris\u00e9 de Calpe, avec de vastes terrasses ouvertes et un acc\u00e8s direct \u00e0 l'une des principales avenues de la ville\u2014\u00e0 seulement 200 m\u00e8tres de la plage d'Arenal-Bol.\n\nLe niveau semi-souterrain offre une surface de 413 m\u00b2, comprenant des espaces ferm\u00e9s et des terrasses. L'acc\u00e8s se fait depuis l'Avenida de Europa. L\u2019emplacement est id\u00e9al : \u00e0 environ 100 m de plusieurs supermarch\u00e9s, \u00e0 170 m d'une aire de camping-car, et entour\u00e9 d'une grande vari\u00e9t\u00e9 de restaurants et de caf\u00e9s. Il est \u00e9galement possible d'installer une extraction de fum\u00e9e.\n\nOrient\u00e9 plein sud, le local se trouve \u00e0 seulement 200 m de la plage d'Arenal-Bol et de sa promenade anim\u00e9e avec de nombreux restaurants et commerces, et \u00e0 190 m de l'h\u00f4tel Suitop\u00eda et de son arr\u00eat de bus.\n\nL'Avenida de Europa est une zone tr\u00e8s fr\u00e9quent\u00e9e par les touristes tout au long de l'ann\u00e9e, ce qui en fait une excellente opportunit\u00e9 commerciale.[IW]<\/fr><it>giardino, terrazza<\/it><nl>Deze commerci\u00eble ruimte bevindt zich in een toplocatie in Calpe, met ruime open terrassen en directe toegang tot een van de hoofdwegen van de stad\u2014slechts 200 meter van het strand Arenal-Bol.\n\nDe semi-souterrain heeft een oppervlakte van 413 m\u00b2 en omvat zowel afgesloten ruimtes als terrassen. De toegang is via de Avenida de Europa. De ligging is uitstekend: op ca. 100 m van supermarkten, 170 m van een camperplaats en omgeven door een groot aanbod aan restaurants en caf\u00e9s. Ook is er de mogelijkheid tot installatie van een rookafvoersysteem.\n\nOp het zuiden gericht, ligt het pand op slechts 200 m van het strand van Arenal-Bol en de levendige boulevard met winkels en eetgelegenheden. Hotel Suitop\u00eda en de bushalte bevinden zich op slechts 190 m afstand.\n\nDe Avenida de Europa is een toeristische trekpleister met veel verkeer het hele jaar door, wat dit tot een uitstekende zakelijke kans maakt.[IW]<\/nl><no>hage, terrasse<\/no><pt>jardim, terra\u00e7o<\/pt><ru>\u0421\u0430\u0434, \u0422\u0435\u0440\u0440\u0430\u0441\u0430<\/ru><sv>tr\u00e4dg\u00e5rd, terrass<\/sv><\/desc><features><feature>garden<\/feature><feature>terrace<\/feature><\/features><notes\/><images><image id=\"379849925\"><url>https:\/\/production-kyero-property-images.s3.amazonaws.com\/19498\/19498705\/379849925_original.jpg?checksum=0099f5a73f891f7095665b75be8236334aaedda9<\/url><\/image><image id=\"379849926\"><url>https:\/\/production-kyero-property-images.s3.amazonaws.com\/19498\/19498705\/379849926_original.jpg?checksum=d9490d1f3de9776552766e35ae18d91cc86255ef<\/url><\/image><image id=\"379849927\"><url>https:\/\/production-kyero-property-images.s3.amazonaws.com\/19498\/19498705\/379849927_original.jpg?checksum=a0d510fac5ed456d0656a74942e4d31e2f855769<\/url><\/image><image id=\"379849928\"><url>https:\/\/production-kyero-property-images.s3.amazonaws.com\/19498\/19498705\/379849928_original.jpg?checksum=bd68ea802731536815d4f27884d8538d46285cf7<\/url><\/image><image id=\"379849929\"><url>https:\/\/production-kyero-property-images.s3.amazonaws.com\/19498\/19498705\/379849929_original.jpg?checksum=c28379d82d20ecdd69ca6655d16bbf138b983e36<\/url><\/image><image id=\"379849930\"><url>https:\/\/production-kyero-property-images.s3.amazonaws.com\/19498\/19498705\/379849930_original.jpg?checksum=cf1a80b7e21d44e1a2a45d9f7c35acc89af09324<\/url><\/image><image id=\"379849931\"><url>https:\/\/production-kyero-property-images.s3.amazonaws.com\/19498\/19498705\/379849931_original.jpg?checksum=5fcb284cc2cf9a001860ad857adb9185c42f7418<\/url><\/image><image id=\"379849932\"><url>https:\/\/production-kyero-property-images.s3.amazonaws.com\/19498\/19498705\/379849932_original.jpg?checksum=b220f53f895de44255be51fb5144d3b05eb87295<\/url><\/image><image id=\"379849933\"><url>https:\/\/production-kyero-property-images.s3.amazonaws.com\/19498\/19498705\/379849933_original.jpg?checksum=42cf1e2a85a38d318603d7f9dd8ce3e24b28f979<\/url><\/image><image id=\"379849934\"><url>https:\/\/production-kyero-property-images.s3.amazonaws.com\/19498\/19498705\/379849934_original.jpg?checksum=74317dde836dde990c10434b76f17325059188b3<\/url><\/image><image id=\"379849935\"><url>https:\/\/production-kyero-property-images.s3.amazonaws.com\/19498\/19498705\/379849935_original.jpg?checksum=69e5e8f5d1caa2a055c6bc0881e39688d2ba7194<\/url><\/image><image id=\"379849936\"><url>https:\/\/production-kyero-property-images.s3.amazonaws.com\/19498\/19498705\/379849936_original.jpg?checksum=4134e4f74dac121d6b6055a03537c6ed964e4fd7<\/url><\/image><image id=\"379849937\"><url>https:\/\/production-kyero-property-images.s3.amazonaws.com\/19498\/19498705\/379849937_original.jpg?checksum=32507c3439cfeefeafad3d052d5d642bf9254980<\/url><\/image><image id=\"379849938\"><url>https:\/\/production-kyero-property-images.s3.amazonaws.com\/19498\/19498705\/379849938_original.jpg?checksum=d9ceac2da9e0f9534fd42df5ec70e7473d9c3aaa<\/url><\/image><image id=\"379849939\"><url>https:\/\/production-kyero-property-images.s3.amazonaws.com\/19498\/19498705\/379849939_original.jpg?checksum=2d399c6038149180acb3dfd6e46af84e23979132<\/url><\/image><image id=\"379849940\"><url>https:\/\/production-kyero-property-images.s3.amazonaws.com\/19498\/19498705\/379849940_original.jpg?checksum=db958da1455aa852614ecbbabd2a1077e22f13cd<\/url><\/image><image id=\"379849941\"><url>https:\/\/production-kyero-property-images.s3.amazonaws.com\/19498\/19498705\/379849941_original.jpg?checksum=59b4d0543cdb634da3453bcee3b057a62ae662e9<\/url><\/image><image id=\"379849942\"><url>https:\/\/production-kyero-property-images.s3.amazonaws.com\/19498\/19498705\/379849942_original.jpg?checksum=ab95a8f774212349e59c53c5dd46a4e8b1dd9795<\/url><\/image><image id=\"379849943\"><url>https:\/\/production-kyero-property-images.s3.amazonaws.com\/19498\/19498705\/379849943_original.jpg?checksum=f9e132725dc3ac1cdcdfede7599ef7fd2cab16c5<\/url><\/image><image id=\"379849944\"><url>https:\/\/production-kyero-property-images.s3.amazonaws.com\/19498\/19498705\/379849944_original.jpg?checksum=78982e5d1c2c3fd6fd53ea32eecfa62885ba3690<\/url><\/image><image id=\"379849945\"><url>https:\/\/production-kyero-property-images.s3.amazonaws.com\/19498\/19498705\/379849945_original.jpg?checksum=7dbb053b9a0a81834a04b050a201cd0f84130afe<\/url><\/image><image id=\"379849946\"><url>https:\/\/production-kyero-property-images.s3.amazonaws.com\/19498\/19498705\/379849946_original.jpg?checksum=df19ce0cb68844d3e951e969aec90b1dfaa41155<\/url><\/image><image id=\"379849947\"><url>https:\/\/production-kyero-property-images.s3.amazonaws.com\/19498\/19498705\/379849947_original.jpg?checksum=5c7ac02978d97704715dd97a6707fc7d03c8ae48<\/url><\/image><image id=\"379849948\"><url>https:\/\/production-kyero-property-images.s3.amazonaws.com\/19498\/19498705\/379849948_original.jpg?checksum=416099435b3c12ef60322f63dee2703869d1d5b3<\/url><\/image><image id=\"379849949\"><url>https:\/\/production-kyero-property-images.s3.amazonaws.com\/19498\/19498705\/379849949_original.jpg?checksum=0ace06761fd90119dc72377a49608a28c2dad9e2<\/url><\/image><image id=\"379849950\"><url>https:\/\/production-kyero-property-images.s3.amazonaws.com\/19498\/19498705\/379849950_original.jpg?checksum=6540ee636c46baae5157051d3ab1ea015cde9985<\/url><\/image><image id=\"379849951\"><url>https:\/\/production-kyero-property-images.s3.amazonaws.com\/19498\/19498705\/379849951_original.jpg?checksum=5dfc95026bfd3bd25256d5f963c121b03d5027ed<\/url><\/image><\/images><\/property>"],"fave_property_price":["201733"],"fave_property_bedrooms":["0"],"fave_property_bathrooms":["0"],"fave_property_size":["413"],"fave_property_size_prefix":["Sq M"],"fave_property_id":["CHG-LD20"],"fave_property_map":["1"],"fave_property_map_address":["Calpe, Alicante"],"fave_property_location":[",,14"],"houzez_geolocation_lat":[""],"houzez_geolocation_long":[""],"fave_property_country":[""],"fave_property_zip":["03710"],"fave_featured":["0"],"houzez_featured_listing_date":[""],"fave_agent_display_option":["agency_info"],"_thumbnail_id":["50266"],"images_stored_as_urls":[""],"fave_loggedintoview":["0"],"fave_single_content_area":["global"],"fave_single_top_area":["global"],"fave_prop_homeslider":["no"],"_property_import_data_time":["1777752181"],"_wpml_word_count":["285"],"houzez_total_property_views":["339"],"houzez_views_by_date":["a:61:{s:10:\"12-06-2025\";i:2;s:10:\"12-07-2025\";i:4;s:10:\"12-08-2025\";i:1;s:10:\"12-17-2025\";i:6;s:10:\"12-18-2025\";i:6;s:10:\"12-19-2025\";i:2;s:10:\"12-20-2025\";i:3;s:10:\"12-21-2025\";i:1;s:10:\"12-22-2025\";i:2;s:10:\"12-26-2025\";i:1;s:10:\"12-31-2025\";i:1;s:10:\"01-02-2026\";i:2;s:10:\"01-06-2026\";i:1;s:10:\"01-11-2026\";i:1;s:10:\"01-13-2026\";i:1;s:10:\"01-16-2026\";i:2;s:10:\"01-17-2026\";i:1;s:10:\"01-18-2026\";i:4;s:10:\"01-19-2026\";i:2;s:10:\"01-20-2026\";i:7;s:10:\"01-21-2026\";i:7;s:10:\"01-22-2026\";i:1;s:10:\"01-25-2026\";i:1;s:10:\"01-26-2026\";i:2;s:10:\"01-27-2026\";i:3;s:10:\"02-02-2026\";i:1;s:10:\"02-12-2026\";i:3;s:10:\"02-13-2026\";i:1;s:10:\"02-14-2026\";i:2;s:10:\"02-15-2026\";i:7;s:10:\"02-18-2026\";i:1;s:10:\"02-19-2026\";i:1;s:10:\"02-22-2026\";i:2;s:10:\"02-24-2026\";i:2;s:10:\"02-28-2026\";i:4;s:10:\"03-01-2026\";i:2;s:10:\"03-05-2026\";i:2;s:10:\"03-08-2026\";i:2;s:10:\"03-11-2026\";i:1;s:10:\"03-13-2026\";i:2;s:10:\"03-14-2026\";i:2;s:10:\"03-17-2026\";i:1;s:10:\"03-19-2026\";i:1;s:10:\"03-21-2026\";i:3;s:10:\"03-22-2026\";i:3;s:10:\"03-25-2026\";i:4;s:10:\"03-31-2026\";i:3;s:10:\"04-01-2026\";i:2;s:10:\"04-02-2026\";i:1;s:10:\"04-05-2026\";i:8;s:10:\"04-06-2026\";i:1;s:10:\"04-10-2026\";i:3;s:10:\"04-11-2026\";i:2;s:10:\"04-13-2026\";i:6;s:10:\"04-14-2026\";i:5;s:10:\"04-16-2026\";i:1;s:10:\"04-18-2026\";i:1;s:10:\"04-23-2026\";i:2;s:10:\"04-25-2026\";i:1;s:10:\"05-01-2026\";i:2;s:10:\"05-02-2026\";i:1;}"],"houzez_recently_viewed":["2026-05-02 12:38:06"],"_edit_lock":["1752307938:230987969"],"_g_feedback_shortcode_c9f2d6a0f2844a10ca195400a0dc416a4b251261":["\n\t\t\t\t[contact-field label=\"Naam\" type=\"name\"  required=\"true\" \/]\n\t\t\t\t[contact-field label=\"E-mail\" type=\"email\" required=\"true\" \/]\n\t\t\t\t[contact-field label=\"Site\" type=\"url\" \/]\n\t\t\t\t[contact-field label=\"Bericht\" type=\"textarea\" \/]"],"_g_feedback_shortcode_atts_c9f2d6a0f2844a10ca195400a0dc416a4b251261":["a:18:{s:2:\"to\";s:28:\"lore.vanlangendyck@gmail.com\";s:7:\"subject\";s:24:\"[IMMO LA ESCAPADA] Calpe\";s:12:\"show_subject\";s:2:\"no\";s:6:\"widget\";i:0;s:14:\"block_template\";N;s:19:\"block_template_part\";N;s:2:\"id\";i:50265;s:18:\"submit_button_text\";s:9:\"Verzenden\";s:14:\"customThankyou\";s:0:\"\";s:21:\"customThankyouHeading\";s:23:\"Je bericht is verzonden\";s:21:\"customThankyouMessage\";s:26:\"Bedankt voor je inzending!\";s:22:\"customThankyouRedirect\";s:0:\"\";s:10:\"jetpackCRM\";b:1;s:9:\"className\";N;s:9:\"postToUrl\";N;s:14:\"salesforceData\";N;s:12:\"hiddenFields\";N;s:14:\"stepTransition\";s:10:\"fade-slide\";}"],"_last_editor_used_jetpack":["block-editor"],"_edit_last":["230987969"],"fave_show_price_placeholder":["0"],"fave_property_map_street_view":["hide"],"fave_property_images":["50266","50270","50274","50278","50282","50286","50290","50294","50298","50302","50306","50310","50314","50318","50322"],"_aioseo_title":[null],"_aioseo_description":[null],"_aioseo_keywords":["a:0:{}"],"_aioseo_og_title":[""],"_aioseo_og_description":[""],"_aioseo_og_article_section":[""],"_aioseo_og_article_tags":["a:0:{}"],"_aioseo_twitter_title":[""],"_aioseo_twitter_description":[""],"om_disable_all_campaigns":[""],"houzez_manual_expire":["0"],"_houzez_expiration_date_status":["saved"],"_wpml_media_duplicate":["1"],"_wpml_media_featured":["1"],"fave_property_price_prefix":[""],"fave_property_price_postfix":[""],"fave_property_rooms":[""],"fave_property_land":[""],"fave_property_land_postfix":[""],"fave_property_garage":[""],"fave_property_address":[""],"fave_video_url":[""],"fave_virtual_tour":[""],"fave_agents":[""],"fave_floor_plans_enable":["disable"],"has_images":["1"],"copied_media_ids":["a:0:{}"],"referenced_media_ids":["a:1:{i:0;i:50266;}"],"_elementor_page_assets":["a:0:{}"]},"jetpack_likes_enabled":false,"jetpack_sharing_enabled":true,"_links":{"self":[{"href":"https:\/\/immolaescapada.com\/es\/wp-json\/wp\/v2\/properties\/50265","targetHints":{"allow":["GET"]}}],"collection":[{"href":"https:\/\/immolaescapada.com\/es\/wp-json\/wp\/v2\/properties"}],"about":[{"href":"https:\/\/immolaescapada.com\/es\/wp-json\/wp\/v2\/types\/property"}],"author":[{"embeddable":true,"href":"https:\/\/immolaescapada.com\/es\/wp-json\/wp\/v2\/users\/230987969"}],"version-history":[{"count":1,"href":"https:\/\/immolaescapada.com\/es\/wp-json\/wp\/v2\/properties\/50265\/revisions"}],"predecessor-version":[{"id":50326,"href":"https:\/\/immolaescapada.com\/es\/wp-json\/wp\/v2\/properties\/50265\/revisions\/50326"}],"wp:featuredmedia":[{"embeddable":true,"href":"https:\/\/immolaescapada.com\/es\/wp-json\/wp\/v2\/media\/50266"}],"wp:attachment":[{"href":"https:\/\/immolaescapada.com\/es\/wp-json\/wp\/v2\/media?parent=50265"}],"wp:term":[{"taxonomy":"property_type","embeddable":true,"href":"https:\/\/immolaescapada.com\/es\/wp-json\/wp\/v2\/property_type?post=50265"},{"taxonomy":"property_status","embeddable":true,"href":"https:\/\/immolaescapada.com\/es\/wp-json\/wp\/v2\/property_status?post=50265"},{"taxonomy":"property_feature","embeddable":true,"href":"https:\/\/immolaescapada.com\/es\/wp-json\/wp\/v2\/property_feature?post=50265"},{"taxonomy":"property_label","embeddable":true,"href":"https:\/\/immolaescapada.com\/es\/wp-json\/wp\/v2\/property_label?post=50265"},{"taxonomy":"property_city","embeddable":true,"href":"https:\/\/immolaescapada.com\/es\/wp-json\/wp\/v2\/property_city?post=50265"}],"curies":[{"name":"wp","href":"https:\/\/api.w.org\/{rel}","templated":true}]}}