{"id":42753,"date":"2025-05-13T18:02:39","date_gmt":"2025-05-13T16:02:39","guid":{"rendered":""},"modified":"2026-04-29T22:01:39","modified_gmt":"2026-04-29T20:01:39","slug":"chg-ad154","status":"publish","type":"property","link":"https:\/\/immolaescapada.com\/es\/property-es\/chg-ad154\/","title":{"rendered":"La Fustera"},"content":{"rendered":"<p>2 bedroom apartment in Benissa Costa, with comunal pool and open views, just 1 km distance to the beach.<\/p>\n<p>This 90 sqm apartment, is situated on the first floor, Southeast facing, just 1 km distance to the beach, 830 m distance to supermarkets, 360 m distance to restaurants and 4,5 km distance to Calpe, with all amenities.<\/p>\n<p>This apartment is equipped with cold\/ hot air conditioning, secured door, double glas, mosquito nets and is comprised of a living-dining room, an open plan kitchen, a covered terrace, 2 double bedrooms and 1 family bathroom.<\/p>\n<p>The complex has a large communal pool, community garden and a parking space.[IW]<\/p>\n","protected":false},"excerpt":{"rendered":"<p>2 bedroom apartment in Benissa Costa, with comunal pool and open views, just 1 km distance to the beach.<\/p>\n<p>This 90 sqm apartment, is situated on the first floor, Southeast facing, just 1 km distance to the beach, 830 m distance to supermarkets, 360 m distance to restaurants and 4,5 km distance to Calpe, with all amenities.<\/p>\n<p>This apartment is equipped with cold\/ hot air conditioning, secured door, double glas, mosquito nets and is comprised of a living-dining room, an open plan kitchen, a covered terrace, 2 double bedrooms and 1 family bathroom.<\/p>\n<p>The complex has a large communal pool, community garden and a parking space.[IW]<\/p>\n","protected":false},"author":230987969,"featured_media":42754,"parent":0,"menu_order":0,"template":"","property_type":[778226721],"property_status":[778226683],"property_feature":[778226631,778227068,778227257,778227257,778227065,778227063,778227072,778226839,778227066,778227070,778226834],"property_label":[],"property_city":[778226689],"class_list":{"0":"post-42753","1":"property","2":"type-property","3":"status-publish","4":"has-post-thumbnail","5":"hentry","6":"property_type-apartment","7":"property_status-for-sale","8":"property_feature-air-conditioning","9":"property_feature-central-heating","10":"property_feature-community-garden-2","12":"property_feature-double-glazing","13":"property_feature-fitted-kitchen","14":"property_feature-fitted-wardrobes","15":"property_feature-furnished","16":"property_feature-sea-views","17":"property_feature-store-room","18":"property_feature-terrace","19":"property_city-benissa"},"aioseo_notices":[],"property_meta":{"_imported_ref_1746806115":["19129373"],"_property_import_data":["<property><id>19129373<\/id><date>2025-04-20 04:54:41<\/date><ref>AD154<\/ref><price>335000<\/price><currency>EUR<\/currency><price_freq>sale<\/price_freq><part_ownership>0<\/part_ownership><leasehold>0<\/leasehold><new_build>0<\/new_build><type>apartment<\/type><location_id>1018<\/location_id><town>Benissa<\/town><postcode>03720<\/postcode><province>Alicante<\/province><location\/><location_detail>La Fustera<\/location_detail><beds>2<\/beds><baths>1<\/baths><pool>1<\/pool><surface_area><built>93<\/built><plot>0<\/plot><\/surface_area><energy_rating><consumption>X<\/consumption><emissions>X<\/emissions><\/energy_rating><url>X<\/url><desc><ca>cuina equipada, Aire condicionat, Calefacci\u00f3 central, Jard\u00ed comunitari, Terrassa, armaris encastats, doble vidre, moblat, vista sobre el mar, traster<\/ca><da>monteret k\u00f8kken, air conditioning, centralvarme, F\u00e6llesskabet garden, Terrasse, monteret garderobeskabe, dobbeltruder, m\u00f8bleret, havudsigt, lagerrummet<\/da><de>2 bedroom apartment in Benissa Costa, with comunal pool and open views, just 1 km distance to the beach.\n\nThis 90 sqm apartment, is situated on the first floor, Southeast facing, just 1 km distance to the beach, 830 m distance to supermarkets, 360 m distance to restaurants and 4,5 km distance to Calpe, with all amenities.\n\nThis apartment is equipped with cold\/ hot air conditioning, secured door, double glas, mosquito nets and is comprised of a living-dining room, an open plan kitchen, a covered terrace, 2 double bedrooms and 1 family bathroom.\n\nThe complex has a large communal pool, community garden and a parking space.[IW]<\/de><en>2 bedroom apartment in Benissa Costa, with comunal pool and open views, just 1 km distance to the beach.\n\nThis 90 sqm apartment, is situated on the first floor, Southeast facing, just 1 km distance to the beach, 830 m distance to supermarkets, 360 m distance to restaurants and 4,5 km distance to Calpe, with all amenities.\n\nThis apartment is equipped with cold\/ hot air conditioning, secured door, double glas, mosquito nets and is comprised of a living-dining room, an open plan kitchen, a covered terrace, 2 double bedrooms and 1 family bathroom.\n\nThe complex has a large communal pool, community garden and a parking space.[IW]<\/en><es>Apartamento de 2 dormitorios en Benissa Costa, con piscina comunitaria y bonitas vistas abiertas, a solo 1 km de la playa.\n\nEste apartamento de 85 m2, est\u00e1 situado en la primera planta, ubicado al Sureste, a solo 1 km de la playa, a 830 m de supermercados, a 360 m de restaurantes y a 4,5 km de Calpe, con todas las facilidades.\n\nEl apartamento est\u00e1 equipado con aire acondicionado fr\u00edo\/ calor, puerta de seguridad, doble acristalamiento, mosquiteras y est\u00e1 compuesta por un sal\u00f3n-comedor, una cocina americana, una terraza cubierta, 2 dormitorios dobles, 1 cuarto de ba\u00f1o familiar.\n\nEl complejo tiene una gran piscina comunitaria, jard\u00edn comunitario y una plaza de parking.[IW]<\/es><fi>kalustettu keitti\u00f6, ilmastointi, keskusl\u00e4mmitys, yhteispuutarha, terassi, kiinte\u00e4t vaatekaapit, tuplaikkunat, kalustettu, merin\u00e4kym\u00e4, varasto<\/fi><fr>Appartement de 2 chambres \u00e0 la c\u00f4te de Benissa, avec piscine communautaire une et une belle vue d\u00e9gag\u00e9e, situ\u00e9 \u00e0 seulement 1 km de la plage.\n\nCet appartement de 90 m2, se trouve au premier \u00e9tage, est orient\u00e9 vers le sud-est, \u00e0 seulement 1 km de la plage, 830 m des supermarch\u00e9s, 360 m des restaurants et 4,5 km de Calpe avec tous les services et commodit\u00e9s.\n\nL'appartement est \u00e9quip\u00e9 d'air conditionn\u00e9 froid\/chaud, a une porte de s\u00e9curit\u00e9, a de fen\u00eatres double vitrage avec des moustiquaires et est compos\u00e9 d'un s\u00e9jour-salle \u00e0 manger, d\u00b4une cuisine am\u00e9ricaine, d\u00b4une terrasse couverte, de 2 chambres doubles et de une salle de bain familiale.\n\nLe complexe a une grande piscine communautaire, un jardin communautaire et une place de parking.[IW]<\/fr><it>cucina componibile, aria condizionata, riscaldamento centralizzato, giardino in comune, terrazza, armadi componibili, doppi vetri, arredato, vista sul mare, ripostiglio<\/it><nl>Appartement met 2 slaapkamers in Benissa Costa, met gemeenschappelijk zwembaden open uitzicht, slechts 1 km van het strand.\n\nDit appartement van 90 m2, bevindt zich op de eerste verdieping, gericht naar het Zuidoosten, slechts 1 km van het strand, 830 m van supermarkten, 360 m van restaurants en 4,5 km van Calpe, met alle voorzieningen.\n\nHet appartement is voorzien van koud\/ warme airconditioning, een veiligheidsdeur, dubbele beglazing, muskietennetten en bestaat uit een woon-eetkamer, een overdekt terras, een open keuken, 2 dubbele slaapkamers en 1 familie badkamer.\n\nHet complex heeft een groot gemeenschappelijk zwembad, gemeenschappelijke tuinen en een parkeerplaats.[IW]<\/nl><no>utstyrt kj\u00f8kken, klimaanlegg, sentralvarme, felles hage, terrasse, innebygget garderobeskap, doble vinduer, m\u00f8blert, sj\u00f8utsikt, lagringsrom<\/no><pt>cozinha equipada, ar condicionado, aquecimento central, horta comunit\u00e1ria, terra\u00e7o, roupeiros, vidros duplos, mobilado, vista para o mar, quarto de loja<\/pt><ru>\u043e\u0431\u043e\u0440\u0443\u0434\u043e\u0432\u0430\u043d\u043d\u0430\u044f \u043a\u0443\u0445\u043d\u044f, \u041a\u043e\u043d\u0434\u0438\u0446\u0438\u043e\u043d\u0435\u0440, \u0446\u0435\u043d\u0442\u0440\u0430\u043b\u044c\u043d\u043e\u0435 \u043e\u0442\u043e\u043f\u043b\u0435\u043d\u0438\u0435, \u0441\u043e\u043e\u0431\u0449\u0435\u0441\u0442\u0432\u0430 \u0421\u0430\u0434, \u0422\u0435\u0440\u0440\u0430\u0441\u0430, \u0432\u0441\u0442\u0440\u043e\u0435\u043d\u043d\u044b\u0435 \u0448\u043a\u0430\u0444\u044b, \u0434\u0432\u043e\u0439\u043d\u043e\u0435 \u043e\u0441\u0442\u0435\u043a\u043b\u0435\u043d\u0438\u0435, \u041c\u0435\u0431\u043b\u0438\u0440\u043e\u0432\u0430\u043d\u043d\u0430\u044f, \u0432\u0438\u0434 \u043d\u0430 \u043c\u043e\u0440\u0435, \u043a\u043b\u0430\u0434\u043e\u0432\u043a\u0430<\/ru><sv>svensk k\u00f6ksstandard, luftkonditionerare, centralv\u00e4rme, gemensam tr\u00e4dg\u00e5rd, terrass, inbyggda garderober, tv\u00e5glasf\u00f6nster, m\u00f6blerat, havsutsikt, f\u00f6rr\u00e5dsrum<\/sv><\/desc><features><feature>fitted kitchen<\/feature><feature>air conditioning<\/feature><feature>central heating<\/feature><feature>community garden<\/feature><feature>terrace<\/feature><feature>fitted wardrobes<\/feature><feature>double glazing<\/feature><feature>furnished<\/feature><feature>sea views<\/feature><feature>store room<\/feature><\/features><notes\/><images><image id=\"370151459\"><url>https:\/\/production-kyero-property-images.s3.amazonaws.com\/19129\/19129373\/370151459_original.jpg?checksum=777a961551ee5f0602c48b9195ad51ca546f87a7<\/url><\/image><image id=\"370151460\"><url>https:\/\/production-kyero-property-images.s3.amazonaws.com\/19129\/19129373\/370151460_original.jpg?checksum=3367b43d0eaf90c157e9acef376bec1312b6e6c2<\/url><\/image><image id=\"370151461\"><url>https:\/\/production-kyero-property-images.s3.amazonaws.com\/19129\/19129373\/370151461_original.jpg?checksum=fbef653755c2aa2499332b62d8015bb60d22430e<\/url><\/image><image id=\"370151462\"><url>https:\/\/production-kyero-property-images.s3.amazonaws.com\/19129\/19129373\/370151462_original.jpg?checksum=4c411ca26334e313e8920704932dd0dbbcd40930<\/url><\/image><image id=\"370151463\"><url>https:\/\/production-kyero-property-images.s3.amazonaws.com\/19129\/19129373\/370151463_original.jpg?checksum=dc4eb74440de50969b67dc562284520510d3bc8a<\/url><\/image><image id=\"370151464\"><url>https:\/\/production-kyero-property-images.s3.amazonaws.com\/19129\/19129373\/370151464_original.jpg?checksum=295f6b53b3572edaa8c53b0a7b43ce57dce126b0<\/url><\/image><image id=\"370151465\"><url>https:\/\/production-kyero-property-images.s3.amazonaws.com\/19129\/19129373\/370151465_original.jpg?checksum=90efcd1ca22d6d442543ab934aced37d1dfec575<\/url><\/image><image id=\"370151466\"><url>https:\/\/production-kyero-property-images.s3.amazonaws.com\/19129\/19129373\/370151466_original.jpg?checksum=d60c0109e9ffdc2f84957e7c60e2c8849ee20c13<\/url><\/image><image id=\"370151467\"><url>https:\/\/production-kyero-property-images.s3.amazonaws.com\/19129\/19129373\/370151467_original.jpg?checksum=e9841900f239b52179a34816e809d81c15f42dee<\/url><\/image><image id=\"370151468\"><url>https:\/\/production-kyero-property-images.s3.amazonaws.com\/19129\/19129373\/370151468_original.jpg?checksum=def3a68d3370e30e7e600a8075231d266e96f60d<\/url><\/image><image id=\"370151469\"><url>https:\/\/production-kyero-property-images.s3.amazonaws.com\/19129\/19129373\/370151469_original.jpg?checksum=ca907c4ac20e68bca9d6c7cf6af2e0800bb164b6<\/url><\/image><image id=\"370151470\"><url>https:\/\/production-kyero-property-images.s3.amazonaws.com\/19129\/19129373\/370151470_original.jpg?checksum=05e73246ca20562940da8e48eeb276afad8d5145<\/url><\/image><image id=\"370151471\"><url>https:\/\/production-kyero-property-images.s3.amazonaws.com\/19129\/19129373\/370151471_original.jpg?checksum=7b855f2b2b40e05b624cda260b5ae0ad1cb55aea<\/url><\/image><image id=\"370151472\"><url>https:\/\/production-kyero-property-images.s3.amazonaws.com\/19129\/19129373\/370151472_original.jpg?checksum=d2115dc0f51d0d6b12f87d908a010d0ad6db2845<\/url><\/image><image id=\"370151473\"><url>https:\/\/production-kyero-property-images.s3.amazonaws.com\/19129\/19129373\/370151473_original.jpg?checksum=b760878f5f4cdb5019aecb7010bce0d0db46190e<\/url><\/image><\/images><\/property>"],"fave_property_price_prefix":[""],"fave_property_price":["335000"],"fave_property_price_postfix":[""],"fave_property_bedrooms":["2"],"fave_property_bathrooms":["1"],"fave_property_rooms":[""],"fave_property_size":["93"],"fave_property_size_prefix":["Sq M"],"fave_property_land":[""],"fave_property_land_postfix":[""],"fave_property_garage":[""],"fave_property_id":["CHG-AD154"],"fave_property_map":["1"],"fave_property_map_address":["Benissa, Alicante"],"fave_property_location":[",,14"],"houzez_geolocation_lat":[""],"houzez_geolocation_long":[""],"fave_property_country":[""],"fave_property_address":[""],"fave_property_zip":["03720"],"fave_featured":["0"],"houzez_featured_listing_date":[""],"fave_agent_display_option":["agency_info"],"_thumbnail_id":["42754"],"fave_property_images":["42754","42758","42762","42766","42770","42774","42778","42782","42786","42790","42794","42798","42802","42806","42810"],"images_stored_as_urls":[""],"fave_video_url":[""],"fave_virtual_tour":[""],"fave_loggedintoview":["0"],"fave_single_content_area":["global"],"fave_single_top_area":["global"],"fave_prop_homeslider":["no"],"_property_import_data_time":["1777492899"],"_wpml_word_count":["203"],"houzez_total_property_views":["255"],"houzez_views_by_date":["a:61:{s:10:\"11-01-2025\";i:1;s:10:\"11-03-2025\";i:1;s:10:\"11-04-2025\";i:3;s:10:\"11-05-2025\";i:2;s:10:\"11-10-2025\";i:2;s:10:\"11-11-2025\";i:1;s:10:\"11-14-2025\";i:1;s:10:\"11-16-2025\";i:1;s:10:\"11-19-2025\";i:3;s:10:\"11-22-2025\";i:1;s:10:\"11-25-2025\";i:1;s:10:\"11-26-2025\";i:2;s:10:\"11-27-2025\";i:1;s:10:\"11-29-2025\";i:1;s:10:\"12-02-2025\";i:1;s:10:\"12-03-2025\";i:1;s:10:\"12-07-2025\";i:1;s:10:\"12-12-2025\";i:2;s:10:\"12-13-2025\";i:2;s:10:\"12-16-2025\";i:1;s:10:\"12-19-2025\";i:2;s:10:\"12-21-2025\";i:2;s:10:\"12-22-2025\";i:3;s:10:\"12-25-2025\";i:1;s:10:\"12-29-2025\";i:1;s:10:\"12-31-2025\";i:1;s:10:\"01-06-2026\";i:1;s:10:\"01-14-2026\";i:1;s:10:\"01-19-2026\";i:1;s:10:\"01-20-2026\";i:4;s:10:\"01-21-2026\";i:3;s:10:\"01-22-2026\";i:1;s:10:\"01-23-2026\";i:1;s:10:\"01-28-2026\";i:1;s:10:\"02-04-2026\";i:2;s:10:\"02-12-2026\";i:5;s:10:\"02-14-2026\";i:1;s:10:\"02-15-2026\";i:1;s:10:\"02-17-2026\";i:1;s:10:\"02-21-2026\";i:1;s:10:\"02-22-2026\";i:2;s:10:\"02-24-2026\";i:1;s:10:\"02-28-2026\";i:3;s:10:\"03-01-2026\";i:2;s:10:\"03-06-2026\";i:1;s:10:\"03-08-2026\";i:3;s:10:\"03-12-2026\";i:1;s:10:\"03-13-2026\";i:3;s:10:\"03-14-2026\";i:7;s:10:\"03-17-2026\";i:2;s:10:\"03-21-2026\";i:1;s:10:\"03-22-2026\";i:2;s:10:\"03-25-2026\";i:1;s:10:\"03-30-2026\";i:1;s:10:\"04-02-2026\";i:2;s:10:\"04-06-2026\";i:1;s:10:\"04-13-2026\";i:1;s:10:\"04-20-2026\";i:2;s:10:\"04-23-2026\";i:3;s:10:\"04-24-2026\";i:1;s:10:\"04-27-2026\";i:3;}"],"houzez_recently_viewed":["2026-04-27 10:46:26"],"_edit_lock":["1747158349:230987969"],"_g_feedback_shortcode_c32669caf795d71df1c114386c07bc0d56127573":["\n\t\t\t\t[contact-field label=\"Naam\" type=\"name\"  required=\"true\" \/]\n\t\t\t\t[contact-field label=\"E-mail\" type=\"email\" required=\"true\" \/]\n\t\t\t\t[contact-field label=\"Site\" type=\"url\" \/]\n\t\t\t\t[contact-field label=\"Bericht\" type=\"textarea\" \/]"],"_g_feedback_shortcode_atts_c32669caf795d71df1c114386c07bc0d56127573":["a:17:{s:2:\"to\";s:28:\"lore.vanlangendyck@gmail.com\";s:7:\"subject\";s:29:\"[IMMO LA ESCAPADA] La Fustera\";s:12:\"show_subject\";s:2:\"no\";s:6:\"widget\";i:0;s:14:\"block_template\";N;s:19:\"block_template_part\";N;s:2:\"id\";i:42753;s:18:\"submit_button_text\";s:9:\"Verzenden\";s:14:\"customThankyou\";s:0:\"\";s:21:\"customThankyouHeading\";s:23:\"Je bericht is verzonden\";s:21:\"customThankyouMessage\";s:26:\"Bedankt voor je inzending!\";s:22:\"customThankyouRedirect\";s:0:\"\";s:10:\"jetpackCRM\";b:1;s:9:\"className\";N;s:9:\"postToUrl\";N;s:14:\"salesforceData\";N;s:12:\"hiddenFields\";N;}"],"_last_editor_used_jetpack":["block-editor"],"fave_property_agency":["6456"],"fave_agents":[""],"fave_floor_plans_enable":["disable"],"has_images":["1"],"copied_media_ids":["a:0:{}"],"referenced_media_ids":["a:1:{i:0;i:42754;}"]},"jetpack_likes_enabled":false,"jetpack_sharing_enabled":true,"_links":{"self":[{"href":"https:\/\/immolaescapada.com\/es\/wp-json\/wp\/v2\/properties\/42753","targetHints":{"allow":["GET"]}}],"collection":[{"href":"https:\/\/immolaescapada.com\/es\/wp-json\/wp\/v2\/properties"}],"about":[{"href":"https:\/\/immolaescapada.com\/es\/wp-json\/wp\/v2\/types\/property"}],"author":[{"embeddable":true,"href":"https:\/\/immolaescapada.com\/es\/wp-json\/wp\/v2\/users\/230987969"}],"version-history":[{"count":1,"href":"https:\/\/immolaescapada.com\/es\/wp-json\/wp\/v2\/properties\/42753\/revisions"}],"predecessor-version":[{"id":42814,"href":"https:\/\/immolaescapada.com\/es\/wp-json\/wp\/v2\/properties\/42753\/revisions\/42814"}],"wp:featuredmedia":[{"embeddable":true,"href":"https:\/\/immolaescapada.com\/es\/wp-json\/wp\/v2\/media\/42754"}],"wp:attachment":[{"href":"https:\/\/immolaescapada.com\/es\/wp-json\/wp\/v2\/media?parent=42753"}],"wp:term":[{"taxonomy":"property_type","embeddable":true,"href":"https:\/\/immolaescapada.com\/es\/wp-json\/wp\/v2\/property_type?post=42753"},{"taxonomy":"property_status","embeddable":true,"href":"https:\/\/immolaescapada.com\/es\/wp-json\/wp\/v2\/property_status?post=42753"},{"taxonomy":"property_feature","embeddable":true,"href":"https:\/\/immolaescapada.com\/es\/wp-json\/wp\/v2\/property_feature?post=42753"},{"taxonomy":"property_label","embeddable":true,"href":"https:\/\/immolaescapada.com\/es\/wp-json\/wp\/v2\/property_label?post=42753"},{"taxonomy":"property_city","embeddable":true,"href":"https:\/\/immolaescapada.com\/es\/wp-json\/wp\/v2\/property_city?post=42753"}],"curies":[{"name":"wp","href":"https:\/\/api.w.org\/{rel}","templated":true}]}}